{"id":24153,"date":"2018-11-16T17:36:30","date_gmt":"2018-11-16T14:36:30","guid":{"rendered":"https:\/\/codex-themes.com\/thegem\/business-multipurpose\/?page_id=24153"},"modified":"2022-12-19T14:14:21","modified_gmt":"2022-12-19T14:14:21","slug":"formazione","status":"publish","type":"page","link":"https:\/\/www.transatlanticinvestmentcommittee.com\/it\/formazione\/","title":{"rendered":"Formazione"},"content":{"rendered":"<p>[vc_row][vc_column][vc_row_inner][vc_column_inner offset=&#8221;vc_hidden-xs&#8221;][\/vc_column_inner][\/vc_row_inner]<div class=\"clearboth\"><\/div><div class=\"gem-divider \" style=\"margin-top: 45px;\"><\/div>[vc_column_text css_animation=&#8221;bottom-to-top&#8221;]<\/p>\n<h2 class=\"title-h4\" style=\"text-align: center;\">Rafforzare il capitale umano \u00e8 fondamentale per accompagnare le trasformazioni che in ambito industriale, finanziario, istituzionale potranno contribuire a rendere l\u2019Italia, l\u2019Europa e gli Stati Uniti sempre pi\u00f9 ricettivi di quegli investimenti in grado di assicurare crescente competitivit\u00e0 ed autonomia strategica congiunta.<br \/>\nPer questo il TIC promuove e ispira programmi di formazione a livello nazionale ed internazionale.<\/h2>\n<p>[\/vc_column_text]<div class=\"clearboth\"><\/div><div class=\"gem-divider \" style=\"margin-top: 65px;\"><\/div>[\/vc_column][\/vc_row][vc_row full_width=&#8221;stretch_row_content_no_spaces&#8221; content_placement=&#8221;middle&#8221; parallax=&#8221;content-moving&#8221; css=&#8221;.vc_custom_1652752895155{margin-bottom: 0px !important;background: #2c2e3d url(https:\/\/www.transatlanticinvestmentcommittee.com\/wp-content\/uploads\/2020\/01\/blocks-image-05.jpg?id=108);}&#8221; custom_css_code=&#8221;LndwY2Y3LWZvcm0uZ2VtLWNvbnRhY3QtZm9ybS1kYXJrJTIwaW5wdXQlM0Fub3QlMjgud3BjZi1zdWJtaXQlMjklMkMlMjAud3BjZjctZm9ybS5nZW0tY29udGFjdC1mb3JtLWRhcmslMjAuY2hlY2tib3gtc2lnbiUyQyUyMC53cGNmNy1mb3JtLmdlbS1jb250YWN0LWZvcm0tZGFyayUyMHNwYW4ucmFkaW8tc2lnbiUyQyUyMC53cGNmNy1mb3JtLmdlbS1jb250YWN0LWZvcm0tZGFyayUyMHRleHRhcmVhJTdCJTBBJTIwJTIwJTIwJTIwYm9yZGVyJTNBJTIwbm9uZSUzQiUwQSUyMCUyMCUyMCUyMGJvcmRlci1yYWRpdXMlM0ElMjAzcHglM0IlMEElMjAlMjAlMjAlMjBjb2xvciUzQSUyMCUyM2I2YzZjOSUzQiUwQSU3RCUwQSUzQSUzQXBsYWNlaG9sZGVyJTdCJTBBJTIwJTIwJTIwY29sb3IlM0ElMjAlMjM0NjQ4NWMlM0IlMEElN0QlMEEud3BjZjctZm9ybSUyMC5waG9uZSUzQWFmdGVyJTJDJTIwLndwY2Y3LWZvcm0lMjAud2Vic2l0ZSUzQWFmdGVyJTJDJTIwLndwY2Y3LWZvcm0lMjAuZW1haWwlM0FhZnRlciUyQyUyMC53cGNmNy1mb3JtJTIwLm5hbWUlM0FhZnRlciUyQyUyMC53cGNmNy1mb3JtJTIwLmdlbS1mb3JtLWljb24tcGhvbmUlM0FhZnRlciUyQyUyMC53cGNmNy1mb3JtJTIwLmdlbS1mb3JtLWljb24td2Vic2l0ZSUzQWFmdGVyJTJDJTIwLndwY2Y3LWZvcm0lMjAuZ2VtLWZvcm0taWNvbi1lbWFpbCUzQWFmdGVyJTJDJTIwLndwY2Y3LWZvcm0lMjAuZ2VtLWZvcm0taWNvbi1uYW1lJTNBYWZ0ZXIlN0IlMEElMjAlMjAlMjAlMjBjb2xvciUzQSUyMCUyMzQ2NDg1YyUzQiUwQSU3RCUwQS53cGNmNy1mb3JtLmdlbS1jb250YWN0LWZvcm0tZGFyayUyMGlucHV0LndwY2Y3LXN1Ym1pdCU3QiUwQSUyMCUyMCUyMCUyMGNvbG9yJTNBJTIwJTIzZmZmJTNCJTBBJTdE&#8221;][vc_column width=&#8221;1\/3&#8243; css=&#8221;.vc_custom_1548433264294{margin-top: 0px !important;margin-bottom: 0px !important;padding-top: 0px !important;padding-bottom: 0px !important;}&#8221;][\/vc_column][vc_column width=&#8221;1\/3&#8243;][vc_column_text css_animation=&#8221;fadeIn&#8221;]<\/p>\n<h2 class=\"title-h2\" style=\"text-align: center;\"><span style=\"color: #ffffff;\">Alta Formazione Specialistica: Strategic Way to USA<\/span><\/h2>\n<p>[\/vc_column_text][vc_column_text css_animation=&#8221;fadeInLeftBig&#8221;]<\/p>\n<p style=\"text-align: center;\"><span style=\"color: #ffffff;\">Un corso di eccellenza sui temi della collaborazione strategica, e non sul semplice export, con gli USA, progettato da Federmanager Academy per conto del Translatlantic Investment Committee, inaugurato nello scorso ottobre alla presenza dei vertici di Farnesina, Ambasciata Italiana a Washington e Missione Diplomatica USA in Italia.<\/span><\/p>\n<p style=\"text-align: center;\"><span style=\"color: #ffffff;\">Questo corso di eccellenza \u00e8 dedicato a Manager esperti, CEO che cerchino punti di riferimento per scelte strategiche, CFO che pensano a piani di investimento, founder di scale up che abbiano programmi di caratura internazionale. Tutto il Corso \u00e8 orientato a creare contaminazione e un ecosistema formativo vibrante.<\/span><\/p>\n<p style=\"text-align: center;\"><span style=\"color: #ffffff;\">La <a style=\"color: #ffffff;\" href=\"https:\/\/www.transatlanticinvestmentcommittee.com\/news-page\/our-news\/\">prima edizione<\/a>, lanciata a maggio 2022, si \u00e8 conclusa lo scorso 4 novembre .<\/span><br \/>\n<span style=\"color: #ffffff;\">Il lancio della seconda edizione \u00e8 previsto per la primavera del 2023.<\/span><\/p>\n<p>[\/vc_column_text][vc_empty_space][vc_column_text css_animation=&#8221;fadeIn&#8221;]<\/p>\n<h2 class=\"title-h2\" style=\"text-align: center;\"><span style=\"color: #ffffff;\">Executive Master Degree: TABE TransAtlantic Business Executive<\/span><\/h2>\n<p>[\/vc_column_text][vc_column_text css_animation=&#8221;fadeInRightBig&#8221;]<\/p>\n<p style=\"text-align: center;\"><span style=\"color: #ffffff;\">Nel campo dell\u2019alta formazione internazionale, il TIC ha ispirato la nascita del primo Executive Master Degree realizzato in partnership tra Universit\u00e0 Luiss Guido Carli, TIC, Confindustria, Federmanager e sei Atenei internazionali (tra cui George Washington University, King\u2019s College e SciencesPo). <\/span><\/p>\n<p style=\"text-align: center;\"><span style=\"color: #ffffff;\">Il programma \u00e8 finalizzato specificamente a creare manager, imprenditori, investitori transatlantici, con le competenze necessarie a tenere conto dei pilastri principali del TTC e affrontare la sfida della transizione economica e geopolitica in atto.<br \/>\nIl programma TABE \u00e8 stato presentato in anteprima a Washington DC il 29 ottobre 2021, nell\u2019ambito dell\u2019evento \u201cDoing Business at Transaltantic Level\u201d.Il Master prender\u00e0 avvio nel secondo semestre del 2023.<br \/>\n<\/span><\/p>\n<p>[\/vc_column_text][\/vc_column][vc_column width=&#8221;1\/3&#8243;][\/vc_column][\/vc_row][vc_row full_width=&#8221;stretch_row_content&#8221; equal_height=&#8221;yes&#8221; content_placement=&#8221;middle&#8221; css=&#8221;.vc_custom_1586774684361{margin-bottom: 0px !important;}&#8221;][vc_column css=&#8221;.vc_custom_1583504831377{background-image: url(https:\/\/www.transatlanticinvestmentcommittee.com\/wp-content\/uploads\/2020\/02\/blocks-image-62.jpg?id=904) !important;background-position: center !important;background-repeat: no-repeat !important;background-size: cover !important;}&#8221; offset=&#8221;vc_col-lg-6 vc_col-md-6&#8243;]<div class=\"clearboth\"><\/div><div class=\"gem-divider \" style=\"margin-top: 500px;\"><\/div>[\/vc_column][vc_column disable_custom_paddings_tablet=&#8221;true&#8221; disable_custom_paddings_mobile=&#8221;true&#8221; css=&#8221;.vc_custom_1581684124919{padding-right: 40px !important;padding-left: 60px !important;}&#8221; offset=&#8221;vc_col-lg-6 vc_col-md-6&#8243;]<div class=\"clearboth\"><\/div><div class=\"gem-divider \" style=\"margin-top: 80px;\"><\/div>[vc_column_text css_animation=&#8221;bottom-to-top&#8221;]<\/p>\n<div class=\"title-h1\">Gli <span style=\"color: #800000;\">obiettivi<\/span> del Corso<\/div>\n<p>[\/vc_column_text]<div class=\"clearboth\"><\/div><div class=\"gem-divider \" style=\"margin-top: 50px;\"><\/div>[vc_column_text css_animation=&#8221;bottom-to-top&#8221;]<\/p>\n<div class=\"styled-subtitle\">La realizzazione del Corso risponde all\u2019esigenza di tenere in considerazione lo scenario che gli Anni Venti di questo secolo offrono al mondo, con sfide inedite soprattutto sul versante delle tecnologie e del connesso perimetro strategico, delle problematiche connesse all\u2019export, alle catene del valore, al reshoring e ai relativi investimenti, per i quali peraltro sempre pi\u00f9 rilevanti si fanno le questioni relative alla sostenibilit\u00e0 sociale, economica ed ambientale lungo l\u2019asse intertemporale. Traendo spunto e focalizzandosi sui temi e sugli strumenti indicati nel recente documento di Pittsburgh del Trade and Technology Council, il Corso \u00e8 stato sviluppato seguendo un approccio di tipo strategico. Attraverso lezioni frontali, e la possibilit\u00e0 di sviluppare project work e di accedere ad uno Study Tour, il Corso punta a dar vita ad una nuova classe di manager e imprenditori capaci di rapportarsi al meglio con le controparti americane, per sviluppare efficacemente iniziative di co-investimento nell\u2019ambito delle tecnologie e dei prodotti ad alto valore aggiunto, con attenzione specifica all\u2019industria, alle transizioni gemelle (digitale e della sostenibilit\u00e0) \u2013 e al mercato delle nuove infrastrutture strategiche. La conoscenza e la collaborazione strategica tra imprese di diversa dimensione, localizzate in distretti ed aree produttive italiane e statunitensi che risultino fra loro integrabili in una logica produttiva, rappresenta uno degli esiti auspicabili del percorso.<\/div>\n<p>[\/vc_column_text]<div class=\"clearboth\"><\/div><div class=\"gem-divider \" style=\"margin-top: 80px;\"><\/div>[\/vc_column][\/vc_row][vc_row full_width=&#8221;stretch_row_content&#8221; equal_height=&#8221;yes&#8221; content_placement=&#8221;middle&#8221; css=&#8221;.vc_custom_1586774689416{margin-bottom: 0px !important;}&#8221;][vc_column disable_custom_paddings_tablet=&#8221;true&#8221; disable_custom_paddings_mobile=&#8221;true&#8221; css=&#8221;.vc_custom_1585061688472{padding-right: 60px !important;padding-left: 60px !important;}&#8221; offset=&#8221;vc_col-lg-6 vc_col-md-6&#8243;]<div class=\"clearboth\"><\/div><div class=\"gem-divider \" style=\"margin-top: 80px;\"><\/div>[vc_column_text css_animation=&#8221;bottom-to-top&#8221;]<\/p>\n<div class=\"title-h1\">Il <span style=\"color: #000080;\">target<\/span> dei partecipanti<\/div>\n<p>[\/vc_column_text]<div class=\"clearboth\"><\/div><div class=\"gem-divider \" style=\"margin-top: 50px;\"><\/div>[vc_column_text css_animation=&#8221;bottom-to-top&#8221;]<\/p>\n<div class=\"styled-subtitle\">Manager esperti, CEO che cerchino punti di riferimento per scelte strategiche, CFO che pensano a piani di investimento, founder di scale up che abbiano programmi di caratura internazionale. Tutto il Corso \u00e8 orientato a creare contaminazione e un ecosistema formativo vibrante. L\u2019obiettivo di questo percorso \u00e8 sviluppare competenze nell\u2019ambito delle aree di business a pi\u00f9 alta competitivit\u00e0 strategica per i due Paesi, creando nel contempo una community solida, riconoscibile e attendibile, tra coloro che abbiano gi\u00e0 lavorato (5-10 anni) con almeno un paio di sistemi Paese, e che siano particolarmente vocati ad avviare o a rafforzare iniziative strategiche insieme a controparti USA. Una riserva di partecipazione \u00e8 stata immaginata per i manager al momento inoccupati, cos\u00ec da fornire un\u2019opportunit\u00e0 ad essi, ma anche alle imprese che stanno cercando figure qualificate per i mercati esteri. Medesimo ragionamento vale per alcuni fondatori di scale-up, o loro esperti.<\/div>\n<p>[\/vc_column_text]<div class=\"clearboth\"><\/div><div class=\"gem-divider \" style=\"margin-top: 80px;\"><\/div>[\/vc_column][vc_column css=&#8221;.vc_custom_1585061683481{background-image: url(https:\/\/www.transatlanticinvestmentcommittee.com\/wp-content\/uploads\/2020\/02\/blocks-image-63.jpg?id=905) !important;background-position: center !important;background-repeat: no-repeat !important;background-size: cover !important;}&#8221; offset=&#8221;vc_col-lg-6 vc_col-md-6&#8243;]<div class=\"clearboth\"><\/div><div class=\"gem-divider \" style=\"margin-top: 500px;\"><\/div>[\/vc_column][\/vc_row][vc_row][vc_column]<div class=\"clearboth\"><\/div><div class=\"gem-divider \" style=\"margin-top: 64px;\"><\/div>[\/vc_column][\/vc_row][vc_row][vc_column width=&#8221;1\/2&#8243;]<div class=\"clearboth\"><\/div><div class=\"gem-divider \" style=\"margin-top: 33px;\"><\/div>[vc_column_text css_animation=&#8221;bottom-to-top&#8221;]<\/p>\n<h1>format e tempi<\/h1>\n<p>[\/vc_column_text][\/vc_column][vc_column width=&#8221;1\/2&#8243; css=&#8221;.vc_custom_1544445689001{background-image: url(https:\/\/www.transatlanticinvestmentcommittee.com\/wp-content\/uploads\/2018\/11\/worldmap.png?id=24172) !important;background-position: 0 0 !important;background-repeat: no-repeat !important;}&#8221;]<div class=\"clearboth\"><\/div><div class=\"gem-divider \" style=\"\"><\/div>[vc_column_text css_animation=&#8221;bottom-to-top&#8221;]15 Moduli formativi tematicamente focalizzati, di 2 ore ciascuno, cui andr\u00e0 aggiunta una Q&amp;A session di 30 minuti circa. L&#8217;orario sar\u00e0 sempre dalle 17 alle 19,30.<br \/>\nDa 2 a 4 sessioni\/mese, dal 3 maggio a ottobre, dunque un impegno mensile di 5-10 ore\/mese.[\/vc_column_text][\/vc_column][\/vc_row][vc_row][vc_column width=&#8221;1\/2&#8243;]<div class=\"lazy-loading\" data-ll-item-delay=\"0\"><div class=\"gem-textbox  lazy-loading-item centered-box\"  data-ll-effect=\"move-up\" ><div class=\"gem-textbox-top gem-textbox-top-note-1\"><svg width=\"100%\" height=\"31\" style=\"fill: #f4f6f7;\"><defs><pattern id=\"pattern-1788364217-60\" x=\"11\" y=\"0\" width=\"23\" height=\"32\" patternUnits=\"userSpaceOnUse\" ><path d=\"M20,9h3V0H0v9h3c2.209,0,4,1.791,4,4v6c0,2.209-1.791,4-4,4H0v9h23v-9h-3c-2.209,0-4-1.791-4-4v-6C16,10.791,17.791,9,20,9z\" \/><\/pattern><\/defs><rect x=\"0\" y=\"0\" width=\"100%\" height=\"32\" style=\"fill: url(#pattern-1788364217-60);\" \/><\/svg><\/div><div class=\"gem-textbox-picture centered-box\"><img decoding=\"async\" src=\"https:\/\/www.transatlanticinvestmentcommittee.com\/wp-content\/uploads\/2022\/09\/TIC-MEETING-2022.jpeg\" alt=\"TIC MEETING 2022\" class=\"img-responsive\" \/><\/div><div class=\"gem-textbox-inner gem-textbox-after-image\" style=\"\"><div class=\"gem-textbox-content\" style=\"background-color: #f4f6f7;background-position: center top;\">[vc_column_text]<\/p>\n<h5 style=\"text-align: center;\"><a href=\"https:\/\/www.transatlanticinvestmentcommittee.com\/the-transatlantic-investment-committee-first-italian-meeting\/\">Roma, 20 07 2022<\/a><\/h5>\n<p>[\/vc_column_text][vc_column_text]<\/p>\n<p style=\"text-align: center;\"><a href=\"https:\/\/www.transatlanticinvestmentcommittee.com\/the-transatlantic-investment-committee-first-italian-meeting\/\">First Annual Meeting Transatalintic Investement Committee a Roma<\/a><\/p>\n<p>[\/vc_column_text]<\/div><\/div><\/div><\/div>[\/vc_column][vc_column width=&#8221;1\/2&#8243;]<div class=\"lazy-loading\" data-ll-item-delay=\"0\"><div class=\"gem-textbox  lazy-loading-item centered-box\"  data-ll-effect=\"move-up\" ><div class=\"gem-textbox-top gem-textbox-top-note-1\"><svg width=\"100%\" height=\"31\" style=\"fill: #f4f6f7;\"><defs><pattern id=\"pattern-1788364217-60\" x=\"11\" y=\"0\" width=\"23\" height=\"32\" patternUnits=\"userSpaceOnUse\" ><path d=\"M20,9h3V0H0v9h3c2.209,0,4,1.791,4,4v6c0,2.209-1.791,4-4,4H0v9h23v-9h-3c-2.209,0-4-1.791-4-4v-6C16,10.791,17.791,9,20,9z\" \/><\/pattern><\/defs><rect x=\"0\" y=\"0\" width=\"100%\" height=\"32\" style=\"fill: url(#pattern-1788364217-60);\" \/><\/svg><\/div><div class=\"gem-textbox-picture centered-box\"><img decoding=\"async\" src=\"https:\/\/www.transatlanticinvestmentcommittee.com\/wp-content\/uploads\/2022\/09\/STD-2-TIC-BXL-.png\" alt=\"\" class=\"img-responsive\" \/><\/div><div class=\"gem-textbox-inner gem-textbox-after-image\" style=\"\"><div class=\"gem-textbox-content\" style=\"background-color: #f4f6f7;background-position: center top;\">[vc_column_text]<\/p>\n<h5 style=\"text-align: center;\">Bruxelles, 27 09 2022<\/h5>\n<p>[\/vc_column_text][vc_column_text]<\/p>\n<p style=\"text-align: center;\">Evento Programmato Transatlantic Investment Committe a Bruxelles<\/p>\n<p>[\/vc_column_text]<\/div><\/div><\/div><\/div>[\/vc_column][\/vc_row][vc_row][vc_column width=&#8221;1\/3&#8243;][\/vc_column][vc_column width=&#8221;1\/3&#8243;]<div class=\"lazy-loading\" data-ll-item-delay=\"0\"><div class=\"gem-textbox  lazy-loading-item centered-box\"  data-ll-effect=\"move-up\" ><div class=\"gem-textbox-top gem-textbox-top-note-1\"><svg width=\"100%\" height=\"31\" style=\"fill: #f4f6f7;\"><defs><pattern id=\"pattern-1788364218-10\" x=\"11\" y=\"0\" width=\"23\" height=\"32\" patternUnits=\"userSpaceOnUse\" ><path d=\"M20,9h3V0H0v9h3c2.209,0,4,1.791,4,4v6c0,2.209-1.791,4-4,4H0v9h23v-9h-3c-2.209,0-4-1.791-4-4v-6C16,10.791,17.791,9,20,9z\" \/><\/pattern><\/defs><rect x=\"0\" y=\"0\" width=\"100%\" height=\"32\" style=\"fill: url(#pattern-1788364218-10);\" \/><\/svg><\/div><div class=\"gem-textbox-picture centered-box\"><img decoding=\"async\" src=\"https:\/\/www.transatlanticinvestmentcommittee.com\/wp-content\/uploads\/2022\/04\/WASH-TIC.jpg\" alt=\"\" class=\"img-responsive\" \/><\/div><div class=\"gem-textbox-inner gem-textbox-after-image\" style=\"\"><div class=\"gem-textbox-content\" style=\"background-color: #f4f6f7;background-position: center top;\">[vc_column_text]<\/p>\n<h5 style=\"text-align: center;\">Washington, 28 10 2022<\/h5>\n<p>[\/vc_column_text][vc_column_text]<\/p>\n<p style=\"text-align: center;\">Ambasciata italiana: chiusura Corso e<br \/>\nconsegna degli attestati.<\/p>\n<p>[\/vc_column_text]<\/div><\/div><\/div><\/div>[\/vc_column][vc_column width=&#8221;1\/3&#8243;][\/vc_column][\/vc_row][vc_row][vc_column]<div class=\"lazy-loading\" data-ll-item-delay=\"0\"><div class=\"gem-textbox  lazy-loading-item centered-box\"  data-ll-effect=\"move-up\" ><div class=\"gem-textbox-top gem-textbox-top-note-1\"><svg width=\"100%\" height=\"31\" style=\"fill: #f4f6f7;\"><defs><pattern id=\"pattern-1788364218-94\" x=\"11\" y=\"0\" width=\"23\" height=\"32\" patternUnits=\"userSpaceOnUse\" ><path d=\"M20,9h3V0H0v9h3c2.209,0,4,1.791,4,4v6c0,2.209-1.791,4-4,4H0v9h23v-9h-3c-2.209,0-4-1.791-4-4v-6C16,10.791,17.791,9,20,9z\" \/><\/pattern><\/defs><rect x=\"0\" y=\"0\" width=\"100%\" height=\"32\" style=\"fill: url(#pattern-1788364218-94);\" \/><\/svg><\/div><div class=\"gem-textbox-inner\" style=\"\"><div class=\"gem-textbox-content\" style=\"background-color: #f4f6f7;background-position: center top;\">[vc_column_text]<\/p>\n<h5 style=\"text-align: center;\">Study Tour<\/h5>\n<p>[\/vc_column_text][vc_column_text]<\/p>\n<p style=\"text-align: center;\">Possibilit\u00e0 di frequentare uno Study Tour su territorio americano, ove le restrizioni sanitarie lo permettano, riservato a coloro che per primi si saranno iscritti al corso: lo Study Tour infatti preveder\u00e0 un percorso esclusivo per un massimo di 30 partecipanti, e gli early bird avranno la prelazione rispetto agli altri che avranno frequentato il Corso. Lo Study Tour \u00e8 in programma a ridosso della cerimonia di consegna degli Attestati, e ha un fee aggiuntivo<\/p>\n<p>[\/vc_column_text]<\/div><\/div><\/div><\/div>[\/vc_column][\/vc_row][vc_row][vc_column offset=&#8221;vc_hidden-xs&#8221;]<div class=\"clearboth\"><\/div><div class=\"gem-divider \" style=\"margin-top: 70px;\"><\/div>[\/vc_column][\/vc_row][vc_row full_width=&#8221;stretch_row&#8221; css=&#8221;.vc_custom_1584109553784{margin-bottom: 0px !important;}&#8221;][vc_column css=&#8221;.vc_custom_1584109499466{padding-top: 0px !important;}&#8221;]<div id=\"fullwidth-block-6a9845ba020b7\" class=\"fullwidth-block clearfix\"  style=\"\"><script type=\"text\/javascript\">if (typeof(gem_fix_fullwidth_position) == \"function\") { gem_fix_fullwidth_position(document.getElementById(\"fullwidth-block-6a9845ba020b7\")); }<\/script><div class=\"fullwidth-block-background\" style=\"background-image: url(https:\/\/www.transatlanticinvestmentcommittee.com\/wp-content\/uploads\/2019\/03\/5.jpg);background-repeat: no-repeat; background-size: cover;background-position: center top;\"><\/div><div class=\"fullwidth-block-parallax-overlay\" style=\"background-color: rgba(44,46,61,0.8);\"><\/div><div class=\"fullwidth-block-inner\"><div class=\"container\"><div class=\"clearboth\"><\/div><div class=\"gem-divider \" style=\"margin-top: 135px;\"><\/div>[vc_column_text]<\/p>\n<div class=\"title-h2\" style=\"text-align: center;\"><span style=\"color: #ffffff;\">I TEMI DEL PERCORSO<\/span><\/div>\n<p>[\/vc_column_text][vc_column_text]<\/p>\n<div class=\"title-h6\" style=\"text-align: center;\"><span style=\"color: #ffffff;\">PARTE i<\/span><\/div>\n<p>[\/vc_column_text][vc_column_text]<\/p>\n<div class=\"title-h6\" style=\"text-align: center;\"><span style=\"color: #ffffff;\">6 Moduli su temi e tools di base in preparazione agli approfondimenti di cui alla Parte II<\/span><\/div>\n<p>[\/vc_column_text]<div class=\"clearboth\"><\/div><div class=\"gem-divider \" style=\"margin-top: 90px;\"><\/div>[vc_row_inner][vc_column_inner offset=&#8221;vc_col-lg-4 vc_col-md-4 vc_col-xs-12&#8243;][vc_column_text css_animation=&#8221;fadeInLeft&#8221;]<\/p>\n<div class=\"title-xlarge\"><span style=\"color: #3f99ff;\">01.<\/span><\/div>\n<p>[\/vc_column_text]<div class=\"clearboth\"><\/div><div class=\"gem-divider \" style=\"margin-top: -15px;\"><\/div>[vc_column_text]<\/p>\n<div class=\"title-h6\"><span style=\"color: #ffffff;\">The partnership between Italy and the United States in the new economic,technological and geopolitical scenarios: the proposal of the TIC<\/span><\/div>\n<p>[\/vc_column_text]<div class=\"clearboth\"><\/div><div class=\"gem-divider \" style=\"margin-top: 25px;\"><\/div>[vc_column_text]<span style=\"color: #ffffff;\">Andrea Gumina, Consigliere del Ministro degli Affari Esteri e Presidente dell\u2019Associazione Amerigo<\/span><br \/>\n<span style=\"color: #ffffff;\">3 maggio 2022, ore 17-19,30<\/span>[\/vc_column_text]<div class=\"clearboth\"><\/div><div class=\"gem-divider \" style=\"margin-top: 40px;\"><\/div>[\/vc_column_inner][vc_column_inner offset=&#8221;vc_col-lg-4 vc_col-md-4 vc_col-xs-12&#8243;][vc_column_text css_animation=&#8221;fadeInDown&#8221;]<\/p>\n<div class=\"title-xlarge\"><span style=\"color: #00bcd4;\">02.<\/span><\/div>\n<p>[\/vc_column_text]<div class=\"clearboth\"><\/div><div class=\"gem-divider \" style=\"margin-top: -15px;\"><\/div>[vc_column_text]<\/p>\n<div class=\"title-h6\"><span style=\"color: #ffffff;\">Working and developing partnerships and investments with a transatlantic perspective: key regulations, incentives and issues in Italy and the United States<\/span><\/div>\n<p>[\/vc_column_text]<div class=\"clearboth\"><\/div><div class=\"gem-divider \" style=\"margin-top: 25px;\"><\/div>[vc_column_text]<span style=\"color: #ffffff;\">Charles Bernardini, Partner di Nixon Peabody Law Firm, gi\u00e0 Consigliere Delegato<\/span><br \/>\n<span style=\"color: #ffffff;\">dell\u2019American Chamber of Commerce a Milano e Presidente della Camera di Commercio Italiana a Chicago<\/span><br \/>\n<span style=\"color: #ffffff;\">10 maggio 2022, ore 17-19,30<\/span>[\/vc_column_text]<div class=\"clearboth\"><\/div><div class=\"gem-divider \" style=\"margin-top: 40px;\"><\/div>[\/vc_column_inner][vc_column_inner offset=&#8221;vc_col-lg-4 vc_col-md-4 vc_col-xs-12&#8243;][vc_column_text css_animation=&#8221;fadeInRight&#8221;]<\/p>\n<div class=\"title-xlarge\"><span style=\"color: #4ed2b3;\">03.<\/span><\/div>\n<p>[\/vc_column_text]<div class=\"clearboth\"><\/div><div class=\"gem-divider \" style=\"margin-top: -15px;\"><\/div>[vc_column_text]<\/p>\n<div class=\"title-h6\"><span style=\"color: #ffffff;\">Firm Valuation and Accounting Analysis: a Perspective from the USA<\/span><\/div>\n<p>[\/vc_column_text]<div class=\"clearboth\"><\/div><div class=\"gem-divider \" style=\"margin-top: 25px;\"><\/div>[vc_column_text]<span style=\"color: #ffffff;\">Stephen Penman, Accounting Professor at the Columbia School of Business, Columbia<\/span><br \/>\n<span style=\"color: #ffffff;\">University, NYC<\/span><br \/>\n<span style=\"color: #ffffff;\">18 maggio 2022, ore 17-19,30<\/span>[\/vc_column_text]<div class=\"clearboth\"><\/div><div class=\"gem-divider \" style=\"margin-top: 40px;\"><\/div>[\/vc_column_inner][\/vc_row_inner][vc_row_inner][vc_column_inner offset=&#8221;vc_col-lg-4 vc_col-md-4 vc_col-xs-12&#8243;][vc_column_text css_animation=&#8221;fadeInLeft&#8221;]<\/p>\n<div class=\"title-xlarge\"><span style=\"color: #3366ff;\">04.<\/span><\/div>\n<p>[\/vc_column_text]<div class=\"clearboth\"><\/div><div class=\"gem-divider \" style=\"margin-top: -15px;\"><\/div>[vc_column_text]<\/p>\n<div class=\"title-h6\"><span style=\"color: #ffffff;\">KPI for High Effective Performance: How to Measure Performance doing Business with the USA<\/span><\/div>\n<p>[\/vc_column_text]<div class=\"clearboth\"><\/div><div class=\"gem-divider \" style=\"margin-top: 25px;\"><\/div>[vc_column_text]<span style=\"color: #ffffff;\">Tim Baldenius, Columbia University, and Mascia Ferrari, Visiting Professor at the Stern<br \/>\nSchool of Business, New York University<br \/>\n24 maggio 2022, ore 17-19,30.<\/span>[\/vc_column_text]<div class=\"clearboth\"><\/div><div class=\"gem-divider \" style=\"margin-top: 40px;\"><\/div>[\/vc_column_inner][vc_column_inner offset=&#8221;vc_col-lg-4 vc_col-md-4 vc_col-xs-12&#8243;][vc_column_text css_animation=&#8221;fadeInUp&#8221;]<\/p>\n<div class=\"title-xlarge\"><span style=\"color: #00ccff;\">05.<\/span><\/div>\n<p>[\/vc_column_text]<div class=\"clearboth\"><\/div><div class=\"gem-divider \" style=\"margin-top: -15px;\"><\/div>[vc_column_text]<\/p>\n<div class=\"title-h6\"><span style=\"color: #ffffff;\">The main contractual issues in the development of partnerships with the USA: operational indications and cautions to adopt (with some concrete cases)<\/span><\/div>\n<p>[\/vc_column_text]<div class=\"clearboth\"><\/div><div class=\"gem-divider \" style=\"margin-top: 25px;\"><\/div>[vc_column_text]<span style=\"color: #ffffff;\">Alessandro Albicini, titolare dell\u2019omonimo studio di Bologna, esperto di contrattualistica internazionale in particolare con gli USA, docente presso Associazioni di categoria e Camere di Commercio<\/span><br \/>\n<span style=\"color: #ffffff;\">31 maggio 2022, ore 17-19,30<\/span>[\/vc_column_text]<div class=\"clearboth\"><\/div><div class=\"gem-divider \" style=\"margin-top: 40px;\"><\/div>[\/vc_column_inner][vc_column_inner offset=&#8221;vc_col-lg-4 vc_col-md-4 vc_col-xs-12&#8243;][vc_column_text css_animation=&#8221;fadeInRight&#8221;]<\/p>\n<div class=\"title-xlarge\"><span style=\"color: #339966;\">06.<\/span><\/div>\n<p>[\/vc_column_text]<div class=\"clearboth\"><\/div><div class=\"gem-divider \" style=\"margin-top: -15px;\"><\/div>[vc_column_text]<\/p>\n<div class=\"title-h6\"><span style=\"color: #ffffff;\">Forms of partnership in the field of technological innovation: fiscal and corporate aspects of investments in technology companies and interventions of Venture Capital<\/span><\/div>\n<p>[\/vc_column_text]<div class=\"clearboth\"><\/div><div class=\"gem-divider \" style=\"margin-top: 25px;\"><\/div>[vc_column_text]<span style=\"color: #ffffff;\">Antonietta Demaio, Senior Legal Partner di TVLP Institute, San Francisco<br \/>\n7 giugno 2022, ore 17-19,30 .<\/span>[\/vc_column_text]<div class=\"clearboth\"><\/div><div class=\"gem-divider \" style=\"margin-top: 40px;\"><\/div>[\/vc_column_inner][\/vc_row_inner]<div class=\"clearboth\"><\/div><div class=\"gem-divider \" style=\"margin-top: 95px;\"><\/div><\/div><\/div><\/div>[\/vc_column][\/vc_row][vc_row][vc_column]<div class=\"clearboth\"><\/div><div class=\"gem-divider \" style=\"margin-top: 25px;\"><\/div>[vc_column_text css_animation=&#8221;bottom-to-top&#8221;]<\/p>\n<h1 style=\"text-align: center;\"><span style=\"font-family: Montserrat UltraLight;\"><span style=\"font-weight: 400;\">ADVANCED <\/span><\/span>MODULES<\/h1>\n<p>[\/vc_column_text]<div class=\"clearboth\"><\/div><div class=\"gem-divider \" style=\"margin-top: 25px;\"><\/div>[vc_column_text css_animation=&#8221;bottom-to-top&#8221;]<\/p>\n<p style=\"text-align: center; max-width: 850px; margin: 0 auto;\"><strong>Queste 9 sessioni seguiranno in gran parte i temi dei Working Group previsti dal recente Trade and Technology Council di Pittsburgh, con alcuni punti aggiuntivi sulle necessit\u00e0 delle imprese. I nomi dei Docenti sono in via di definizione, proprio perch\u00e9 si stanno selezionando esperti di eccezionale valore: per lo stato dell\u2019arte della Faculty, scrivi a info@federmanageracademy.it. <\/strong><\/p>\n<p>[\/vc_column_text]<div class=\"clearboth\"><\/div><div class=\"gem-divider \" style=\"margin-top: 30px;\"><\/div>[\/vc_column][\/vc_row][vc_row full_width=&#8221;stretch_row&#8221; css=&#8221;.vc_custom_1584109553784{margin-bottom: 0px !important;}&#8221;][vc_column css=&#8221;.vc_custom_1584109499466{padding-top: 0px !important;}&#8221;]<div id=\"fullwidth-block-6a9845ba03766\" class=\"fullwidth-block clearfix\"  style=\"\"><script type=\"text\/javascript\">if (typeof(gem_fix_fullwidth_position) == \"function\") { gem_fix_fullwidth_position(document.getElementById(\"fullwidth-block-6a9845ba03766\")); }<\/script><div class=\"fullwidth-block-background\" style=\"background-image: url(https:\/\/www.transatlanticinvestmentcommittee.com\/wp-content\/uploads\/2020\/02\/blocks-image-41.jpg);background-repeat: no-repeat; background-size: cover;background-position: center top;\"><\/div><div class=\"fullwidth-block-parallax-overlay\" style=\"background-color: rgba(44,46,61,0.8);\"><\/div><div class=\"fullwidth-block-inner\"><div class=\"container\"><div class=\"clearboth\"><\/div><div class=\"gem-divider \" style=\"margin-top: 135px;\"><\/div>[vc_column_text]<\/p>\n<div class=\"title-h2\" style=\"text-align: center;\"><span style=\"color: #ffffff;\">I TEMI DEL PERCORSO<\/span><\/div>\n<p>[\/vc_column_text][vc_column_text]<\/p>\n<div class=\"title-h6\" style=\"text-align: center;\"><span style=\"color: #ffffff;\">PARTE II<\/span><\/div>\n<p>[\/vc_column_text][vc_column_text]<\/p>\n<div class=\"title-h6\" style=\"text-align: center;\"><span style=\"color: #ffffff;\">9 MODULI DI APPROFONDIMENTO<\/span><\/div>\n<p>[\/vc_column_text]<div class=\"clearboth\"><\/div><div class=\"gem-divider \" style=\"margin-top: 90px;\"><\/div>[vc_row_inner][vc_column_inner offset=&#8221;vc_col-lg-4 vc_col-md-4 vc_col-xs-12&#8243;][vc_column_text css_animation=&#8221;fadeInLeft&#8221;]<\/p>\n<div class=\"title-xlarge\"><span style=\"color: #3f99ff;\">01.<\/span><\/div>\n<p>[\/vc_column_text]<div class=\"clearboth\"><\/div><div class=\"gem-divider \" style=\"margin-top: -15px;\"><\/div>[vc_column_text]<\/p>\n<div class=\"title-h6\"><span style=\"color: #ffffff;\">Technology Standards and Innovation: an Overview from the Italian Innovation and Culture Hub in San Francisco, and the Skills needed in Advanced Technology Companies<\/span><\/div>\n<p>[\/vc_column_text]<div class=\"clearboth\"><\/div><div class=\"gem-divider \" style=\"margin-top: 25px;\"><\/div>[vc_column_text]<span style=\"color: #ffffff;\">Obiettivo di questa sessione \u00e8 di illustrare gli aspetti che stanno rafforzando la tecnologia europea e statunitense in settori quali l\u2019innovazione radicale, l\u2019Intelligenza Artificiale, l\u2019incremento della connettivit\u00e0, e i temi relativi a tecnologie emergenti considerate di fondamentale importanza nella visione del WTO: tutto ci\u00f2 messo a confronto con quanto stanno facendo altre potenze con quadri valoriali e alleanze differenti, e visto nell\u2019ottica delle sinergie fra Usa ed Europa.<\/span>[\/vc_column_text]<div class=\"clearboth\"><\/div><div class=\"gem-divider \" style=\"margin-top: 40px;\"><\/div>[\/vc_column_inner][vc_column_inner offset=&#8221;vc_col-lg-4 vc_col-md-4 vc_col-xs-12&#8243;][vc_column_text css_animation=&#8221;fadeInDown&#8221;]<\/p>\n<div class=\"title-xlarge\"><span style=\"color: #00bcd4;\">02.<\/span><\/div>\n<p>[\/vc_column_text]<div class=\"clearboth\"><\/div><div class=\"gem-divider \" style=\"margin-top: -15px;\"><\/div>[vc_column_text]<\/p>\n<div class=\"title-h6\"><span style=\"color: #ffffff;\">The Supply Chain in the \u00abNew Normal\u00bb and the Possible Sinergy between USA and Europe<\/span><\/div>\n<p>[\/vc_column_text]<div class=\"clearboth\"><\/div><div class=\"gem-divider \" style=\"margin-top: 25px;\"><\/div>[vc_column_text]<span style=\"color: #ffffff;\">La pandemia ha solo portato alle estreme conseguenze quello che era gi\u00e0 un tema di vitale importanza per l\u2019interscambio fisiologico tra le due sponde dell\u2019Atlantico: una Supply Chain che, dispersa e spesso non razionalizzata, deve diventare verde e sostenibile, snella e operativa, digitalizzata e perci\u00f2 meglio dedicata a sviluppare diversificazione e resilienza della catena stessa. In particolare, si porr\u00e0 al centro la Supply Chain nella produzione dei semiconduttori, in quanto risorsa tecnologica strategica e cruciale in molti settori ad alto valore aggiunto.<\/span>[\/vc_column_text]<div class=\"clearboth\"><\/div><div class=\"gem-divider \" style=\"margin-top: 40px;\"><\/div>[\/vc_column_inner][vc_column_inner offset=&#8221;vc_col-lg-4 vc_col-md-4 vc_col-xs-12&#8243;][vc_column_text css_animation=&#8221;fadeInRight&#8221;]<\/p>\n<div class=\"title-xlarge\"><span style=\"color: #4ed2b3;\">03.<\/span><\/div>\n<p>[\/vc_column_text]<div class=\"clearboth\"><\/div><div class=\"gem-divider \" style=\"margin-top: -15px;\"><\/div>[vc_column_text]<\/p>\n<div class=\"title-h6\"><span style=\"color: #ffffff;\">Climate and Clean Tech <\/span><\/div>\n<p>[\/vc_column_text]<div class=\"clearboth\"><\/div><div class=\"gem-divider \" style=\"margin-top: 25px;\"><\/div>[vc_column_text]<span style=\"color: #ffffff;\">Questa sessione intende trasmettere conoscenze qualificanti sul miglior utilizzo delle<br \/>\ntecnologie per identificare e risolvere i problemi climatici e per sviluppare nelle modalit\u00e0 pi\u00f9 efficaci Ricerca &amp; Sviluppo, anche coinvolgendo Paesi terzi, in modo da rendere le tecnologie meno lontane da un \u00abimpatto zero\u00bb sull\u2019Ambiente.<br \/>\nAltro aspetto qualificante, in questa sessione di approfondimento, \u00e8 l\u2019intento di esplorare<br \/>\nl\u2019utilizzo di metodologie e strumenti per azzerare in maniera equa, a livello globale, le<br \/>\nemissioni di gas-serra, il consumo d\u2019acqua e di altre risorse naturali. e 17-19,30<\/span>[\/vc_column_text]<div class=\"clearboth\"><\/div><div class=\"gem-divider \" style=\"margin-top: 40px;\"><\/div>[\/vc_column_inner][\/vc_row_inner][vc_row_inner][vc_column_inner offset=&#8221;vc_col-lg-4 vc_col-md-4 vc_col-xs-12&#8243;][vc_column_text css_animation=&#8221;fadeInLeft&#8221;]<\/p>\n<div class=\"title-xlarge\"><span style=\"color: #3366ff;\">04.<\/span><\/div>\n<p>[\/vc_column_text]<div class=\"clearboth\"><\/div><div class=\"gem-divider \" style=\"margin-top: -15px;\"><\/div>[vc_column_text]<\/p>\n<div class=\"title-h6\"><span style=\"color: #ffffff;\">The Ways to Finance Technology, Business and SMEs in the USA <\/span><\/div>\n<p>[\/vc_column_text]<div class=\"clearboth\"><\/div><div class=\"gem-divider \" style=\"margin-top: 25px;\"><\/div>[vc_column_text]<span style=\"color: #ffffff;\">Nell\u2019ottica di promuovere una crescita economica inclusiva che vada a vantaggio dei popoli su entrambe le sponde dell&#8217;Atlantico, in questa sessione si affronteranno temi di finanziamento delle realt\u00e0 tecnologicamente avanzate e in generale della infrastruttura imprenditoriale e manageriale USA. Si tratta infatti di favorire specificamente una crescita inclusiva per le persone della classe media e delle persone a basso reddito, con particolare attenzione alle opportunit\u00e0 che tali finanziamenti possano generare per le piccole e medie imprese (SMEs). <\/span>[\/vc_column_text]<div class=\"clearboth\"><\/div><div class=\"gem-divider \" style=\"margin-top: 40px;\"><\/div>[\/vc_column_inner][vc_column_inner offset=&#8221;vc_col-lg-4 vc_col-md-4 vc_col-xs-12&#8243;][vc_column_text css_animation=&#8221;fadeIn&#8221;]<\/p>\n<div class=\"title-xlarge\"><span style=\"color: #00ccff;\">05.<\/span><\/div>\n<p>[\/vc_column_text]<div class=\"clearboth\"><\/div><div class=\"gem-divider \" style=\"margin-top: -15px;\"><\/div>[vc_column_text]<\/p>\n<div class=\"title-h6\"><span style=\"color: #ffffff;\">Information and Communication Technology and Services (ICTS): Security and Competitiveness <\/span><\/div>\n<p>[\/vc_column_text]<div class=\"clearboth\"><\/div><div class=\"gem-divider \" style=\"margin-top: 25px;\"><\/div>[vc_column_text]<span style=\"color: #ffffff;\">\u00a0In questa sessione si affronteranno temi rilevanti per garantire sicurezza, diversit\u00e0,<\/span><br \/>\n<span style=\"color: #ffffff;\">interoperabilit\u00e0 e resilienza delle Information and Communications Technology and<\/span><br \/>\n<span style=\"color: #ffffff;\">Services (ICTS), comprese le aree sensibili come il 5G, i cavi sottomarini, i data center e l&#8217;infrastruttura cloud. Saranno affrontati i temi utili per rafforzare la cooperazione in materia di ricerca e innovazione per i sistemi 5G e 6G, facendo in modo che l&#8217;Unione Europea e gli Stati Uniti possano sviluppare una visione e una tabella di marcia comuni per preparare la prossima generazione di tecnologie di comunicazione che aumenti la sicurezza dei dati.<\/span>[\/vc_column_text]<div class=\"clearboth\"><\/div><div class=\"gem-divider \" style=\"margin-top: 40px;\"><\/div>[\/vc_column_inner][vc_column_inner offset=&#8221;vc_col-lg-4 vc_col-md-4 vc_col-xs-12&#8243;][vc_column_text css_animation=&#8221;fadeInRight&#8221;]<\/p>\n<div class=\"title-xlarge\"><span style=\"color: #339966;\">06.<\/span><\/div>\n<p>[\/vc_column_text]<div class=\"clearboth\"><\/div><div class=\"gem-divider \" style=\"margin-top: -15px;\"><\/div>[vc_column_text]<\/p>\n<div class=\"title-h6\"><span style=\"color: #ffffff;\">Data Governance and Technology Platforms. Misuse of Technology Threatening Security andHuman Rights (focus onArtificial Intelligence)<\/span><\/div>\n<p>[\/vc_column_text]<div class=\"clearboth\"><\/div><div class=\"gem-divider \" style=\"margin-top: 25px;\"><\/div>[vc_column_text]<span style=\"color: #ffffff;\">Primo obiettivo sar\u00e0 l\u2019impegno a contrastare qualsiasi metodo di sorveglianza arbitrario e illegale, impedendone l\u2019invasivit\u00e0 verso i Paesi dell\u2019Atlantico; a proteggere gli Organismi di difesa dei diritti umani nella dimensione on-line; a impedire qualsiasi tentativo di manipolazione dei dati e delle informazioni da parte di Paesi esteri, sviluppando al contempo una Intelligenza Artificiale affidabile e accurata, che sia anche driver di crescita per le aziende.<\/span>[\/vc_column_text]<div class=\"clearboth\"><\/div><div class=\"gem-divider \" style=\"margin-top: 40px;\"><\/div>[\/vc_column_inner][\/vc_row_inner][vc_row_inner][vc_column_inner offset=&#8221;vc_col-lg-4 vc_col-md-4 vc_col-xs-12&#8243;][vc_column_text css_animation=&#8221;fadeInLeft&#8221;]<\/p>\n<div class=\"title-xlarge\"><span style=\"color: #ff9900;\">07.<\/span><\/div>\n<p>[\/vc_column_text]<div class=\"clearboth\"><\/div><div class=\"gem-divider \" style=\"margin-top: -15px;\"><\/div>[vc_column_text]<\/p>\n<div class=\"title-h6\"><span style=\"color: #ffffff;\">Export Controls, Investment Screening, Sanctions <\/span><\/div>\n<p>[\/vc_column_text]<div class=\"clearboth\"><\/div><div class=\"gem-divider \" style=\"margin-top: 25px;\"><\/div>[vc_column_text]<span style=\"color: #ffffff;\">In tale sessione verranno analizzate le buone pratiche di valutazione delle tecnologie<\/span><br \/>\n<span style=\"color: #ffffff;\">\u00abdual-use\u00bb a beneficio delle due realt\u00e0 USA-EU, l\u2019implementazione di un sistema di<\/span><br \/>\n<span style=\"color: #ffffff;\">controllo delle frontiere digitali con speciale attenzione alle tecnologie emergenti, la<\/span><br \/>\n<span style=\"color: #ffffff;\">gestione di una corretta e utile politica di protezione degli investimenti incrociati.<\/span><br \/>\n<span style=\"color: #ffffff;\">In secondo luogo, verr\u00e0 esaminato il tema dell\u2019Export verso Paesi terzi, e i casi in cui<\/span><br \/>\n<span style=\"color: #ffffff;\">vengono applicate sanzioni, con le modalit\u00e0 per prendere opportune misure, per gestire a tempo debito l\u2019impatto di queste. <\/span>[\/vc_column_text]<div class=\"clearboth\"><\/div><div class=\"gem-divider \" style=\"margin-top: 40px;\"><\/div>[\/vc_column_inner][vc_column_inner offset=&#8221;vc_col-lg-4 vc_col-md-4 vc_col-xs-12&#8243;][vc_column_text css_animation=&#8221;fadeInUp&#8221;]<\/p>\n<div class=\"title-xlarge\"><span style=\"color: #99cc00;\">08.<\/span><\/div>\n<p>[\/vc_column_text]<div class=\"clearboth\"><\/div><div class=\"gem-divider \" style=\"margin-top: -15px;\"><\/div>[vc_column_text]<\/p>\n<div class=\"title-h6\"><span style=\"color: #ffffff;\">Promoting Small and Medium-Sized Enterprises Access to and Use of Digital Tools<\/span><\/div>\n<p>[\/vc_column_text]<div class=\"clearboth\"><\/div><div class=\"gem-divider \" style=\"margin-top: 25px;\"><\/div>[vc_column_text]<span style=\"color: #ffffff;\">Obiettivo prioritario di questa sessione \u00e8 quello di trasferire metodologie e strumenti per favorire l\u2019accesso al Digitale da parte di quelle PMI e Micro Imprese che hanno attualmente un basso grado di utilizzo delle nuove tecnologie digitali, e che rischiano di perdere competitivit\u00e0 nei confronti di realt\u00e0 concorrenti a livello di opportunit\u00e0 globali.<\/span>[\/vc_column_text]<div class=\"clearboth\"><\/div><div class=\"gem-divider \" style=\"margin-top: 40px;\"><\/div>[\/vc_column_inner][vc_column_inner offset=&#8221;vc_col-lg-4 vc_col-md-4 vc_col-xs-12&#8243;][vc_column_text css_animation=&#8221;fadeInRight&#8221;]<\/p>\n<div class=\"title-xlarge\"><span style=\"color: #666699;\">09.<\/span><\/div>\n<p>[\/vc_column_text]<div class=\"clearboth\"><\/div><div class=\"gem-divider \" style=\"margin-top: -15px;\"><\/div>[vc_column_text]<\/p>\n<div class=\"title-h6\"><span style=\"color: #ffffff;\">Global Trade Challenges (e conclusioni del percorso)<\/span><\/div>\n<p>[\/vc_column_text]<div class=\"clearboth\"><\/div><div class=\"gem-divider \" style=\"margin-top: 25px;\"><\/div>[vc_column_text]<span style=\"color: #ffffff;\">Tale sessione vede l\u2019impegno di tutti gli stakeholder a focalizzarsi verso quelle politiche di mercato non libere, ma controllate dagli Stati, che impediscono una corretta concorrenza tra sistemi economici e finanziari, imponendo tra l\u2019altro dazi, clausole doganali o barriere valutarie. Si intende porre l\u2019enfasi sugli strumenti per promuovere una corretta politica di tutela dei diritti dei Lavoratori, su dignitose condizioni di lavoro, e su una concorrenza sostenibile, giusta e basata su regole chiare e trasparenti, oltre che rispettate da tutti.<\/span>[\/vc_column_text]<div class=\"clearboth\"><\/div><div class=\"gem-divider \" style=\"margin-top: 40px;\"><\/div>[\/vc_column_inner][\/vc_row_inner]<div class=\"clearboth\"><\/div><div class=\"gem-divider \" style=\"margin-top: 95px;\"><\/div><\/div><\/div><\/div>[\/vc_column][\/vc_row]<\/p>\n","protected":false},"excerpt":{"rendered":"<p>[vc_row][vc_column][vc_row_inner][vc_column_inner offset=&#8221;vc_hidden-xs&#8221;][\/vc_column_inner][\/vc_row_inner][vc_column_text css_animation=&#8221;bottom-to-top&#8221;] Rafforzare il capitale umano \u00e8 fondamentale per accompagnare le trasformazioni che in ambito industriale, finanziario, istituzionale potranno&#8230;<\/p>\n","protected":false},"author":1,"featured_media":0,"parent":0,"menu_order":0,"comment_status":"closed","ping_status":"closed","template":"","meta":{"footnotes":""},"class_list":["post-24153","page","type-page","status-publish"],"yoast_head":"<!-- This site is optimized with the Yoast SEO plugin v21.3 - https:\/\/yoast.com\/wordpress\/plugins\/seo\/ -->\n<title>Formazione - TIC<\/title>\n<meta name=\"robots\" content=\"index, follow, max-snippet:-1, max-image-preview:large, max-video-preview:-1\" \/>\n<link rel=\"canonical\" href=\"https:\/\/www.transatlanticinvestmentcommittee.com\/higher-education\/\" \/>\n<meta property=\"og:locale\" content=\"it_IT\" \/>\n<meta property=\"og:type\" content=\"article\" \/>\n<meta property=\"og:title\" content=\"Formazione - TIC\" \/>\n<meta property=\"og:description\" content=\"[vc_row][vc_column][vc_row_inner][vc_column_inner offset=&#8221;vc_hidden-xs&#8221;][\/vc_column_inner][\/vc_row_inner][vc_column_text css_animation=&#8221;bottom-to-top&#8221;] Rafforzare il capitale umano \u00e8 fondamentale per accompagnare le trasformazioni che in ambito industriale, finanziario, istituzionale potranno...\" \/>\n<meta property=\"og:url\" content=\"https:\/\/www.transatlanticinvestmentcommittee.com\/higher-education\/\" \/>\n<meta property=\"og:site_name\" content=\"TIC\" \/>\n<meta property=\"article:modified_time\" content=\"2022-12-19T14:14:21+00:00\" \/>\n<meta name=\"twitter:card\" content=\"summary_large_image\" \/>\n<meta name=\"twitter:label1\" content=\"Tempo di lettura stimato\" \/>\n\t<meta name=\"twitter:data1\" content=\"18 minuti\" \/>\n<script type=\"application\/ld+json\" class=\"yoast-schema-graph\">{\"@context\":\"https:\/\/schema.org\",\"@graph\":[{\"@type\":\"WebPage\",\"@id\":\"https:\/\/www.transatlanticinvestmentcommittee.com\/higher-education\/\",\"url\":\"https:\/\/www.transatlanticinvestmentcommittee.com\/higher-education\/\",\"name\":\"Formazione - TIC\",\"isPartOf\":{\"@id\":\"https:\/\/www.transatlanticinvestmentcommittee.com\/#website\"},\"datePublished\":\"2018-11-16T14:36:30+00:00\",\"dateModified\":\"2022-12-19T14:14:21+00:00\",\"breadcrumb\":{\"@id\":\"https:\/\/www.transatlanticinvestmentcommittee.com\/higher-education\/#breadcrumb\"},\"inLanguage\":\"it-IT\",\"potentialAction\":[{\"@type\":\"ReadAction\",\"target\":[\"https:\/\/www.transatlanticinvestmentcommittee.com\/higher-education\/\"]}]},{\"@type\":\"BreadcrumbList\",\"@id\":\"https:\/\/www.transatlanticinvestmentcommittee.com\/higher-education\/#breadcrumb\",\"itemListElement\":[{\"@type\":\"ListItem\",\"position\":1,\"name\":\"Home\",\"item\":\"https:\/\/www.transatlanticinvestmentcommittee.com\/\"},{\"@type\":\"ListItem\",\"position\":2,\"name\":\"Formazione\"}]},{\"@type\":\"WebSite\",\"@id\":\"https:\/\/www.transatlanticinvestmentcommittee.com\/#website\",\"url\":\"https:\/\/www.transatlanticinvestmentcommittee.com\/\",\"name\":\"TIC\",\"description\":\"Transatlantic Investment Committee\",\"potentialAction\":[{\"@type\":\"SearchAction\",\"target\":{\"@type\":\"EntryPoint\",\"urlTemplate\":\"https:\/\/www.transatlanticinvestmentcommittee.com\/?s={search_term_string}\"},\"query-input\":\"required name=search_term_string\"}],\"inLanguage\":\"it-IT\"}]}<\/script>\n<!-- \/ Yoast SEO plugin. -->","yoast_head_json":{"title":"Formazione - TIC","robots":{"index":"index","follow":"follow","max-snippet":"max-snippet:-1","max-image-preview":"max-image-preview:large","max-video-preview":"max-video-preview:-1"},"canonical":"https:\/\/www.transatlanticinvestmentcommittee.com\/higher-education\/","og_locale":"it_IT","og_type":"article","og_title":"Formazione - TIC","og_description":"[vc_row][vc_column][vc_row_inner][vc_column_inner offset=&#8221;vc_hidden-xs&#8221;][\/vc_column_inner][\/vc_row_inner][vc_column_text css_animation=&#8221;bottom-to-top&#8221;] Rafforzare il capitale umano \u00e8 fondamentale per accompagnare le trasformazioni che in ambito industriale, finanziario, istituzionale potranno...","og_url":"https:\/\/www.transatlanticinvestmentcommittee.com\/higher-education\/","og_site_name":"TIC","article_modified_time":"2022-12-19T14:14:21+00:00","twitter_card":"summary_large_image","twitter_misc":{"Tempo di lettura stimato":"18 minuti"},"schema":{"@context":"https:\/\/schema.org","@graph":[{"@type":"WebPage","@id":"https:\/\/www.transatlanticinvestmentcommittee.com\/higher-education\/","url":"https:\/\/www.transatlanticinvestmentcommittee.com\/higher-education\/","name":"Formazione - TIC","isPartOf":{"@id":"https:\/\/www.transatlanticinvestmentcommittee.com\/#website"},"datePublished":"2018-11-16T14:36:30+00:00","dateModified":"2022-12-19T14:14:21+00:00","breadcrumb":{"@id":"https:\/\/www.transatlanticinvestmentcommittee.com\/higher-education\/#breadcrumb"},"inLanguage":"it-IT","potentialAction":[{"@type":"ReadAction","target":["https:\/\/www.transatlanticinvestmentcommittee.com\/higher-education\/"]}]},{"@type":"BreadcrumbList","@id":"https:\/\/www.transatlanticinvestmentcommittee.com\/higher-education\/#breadcrumb","itemListElement":[{"@type":"ListItem","position":1,"name":"Home","item":"https:\/\/www.transatlanticinvestmentcommittee.com\/"},{"@type":"ListItem","position":2,"name":"Formazione"}]},{"@type":"WebSite","@id":"https:\/\/www.transatlanticinvestmentcommittee.com\/#website","url":"https:\/\/www.transatlanticinvestmentcommittee.com\/","name":"TIC","description":"Transatlantic Investment Committee","potentialAction":[{"@type":"SearchAction","target":{"@type":"EntryPoint","urlTemplate":"https:\/\/www.transatlanticinvestmentcommittee.com\/?s={search_term_string}"},"query-input":"required name=search_term_string"}],"inLanguage":"it-IT"}]}},"_links":{"self":[{"href":"https:\/\/www.transatlanticinvestmentcommittee.com\/it\/wp-json\/wp\/v2\/pages\/24153","targetHints":{"allow":["GET"]}}],"collection":[{"href":"https:\/\/www.transatlanticinvestmentcommittee.com\/it\/wp-json\/wp\/v2\/pages"}],"about":[{"href":"https:\/\/www.transatlanticinvestmentcommittee.com\/it\/wp-json\/wp\/v2\/types\/page"}],"author":[{"embeddable":true,"href":"https:\/\/www.transatlanticinvestmentcommittee.com\/it\/wp-json\/wp\/v2\/users\/1"}],"replies":[{"embeddable":true,"href":"https:\/\/www.transatlanticinvestmentcommittee.com\/it\/wp-json\/wp\/v2\/comments?post=24153"}],"version-history":[{"count":31,"href":"https:\/\/www.transatlanticinvestmentcommittee.com\/it\/wp-json\/wp\/v2\/pages\/24153\/revisions"}],"predecessor-version":[{"id":26365,"href":"https:\/\/www.transatlanticinvestmentcommittee.com\/it\/wp-json\/wp\/v2\/pages\/24153\/revisions\/26365"}],"wp:attachment":[{"href":"https:\/\/www.transatlanticinvestmentcommittee.com\/it\/wp-json\/wp\/v2\/media?parent=24153"}],"curies":[{"name":"wp","href":"https:\/\/api.w.org\/{rel}","templated":true}]}}